{"id":7373,"date":"2020-12-14T16:46:08","date_gmt":"2020-12-14T15:46:08","guid":{"rendered":"https:\/\/hartika.com\/dla-architektow-2\/"},"modified":"2022-12-12T23:12:18","modified_gmt":"2022-12-12T22:12:18","slug":"fuer-architekten-2","status":"publish","type":"page","link":"https:\/\/hartika.com\/de\/fuer-architekten-2\/","title":{"rendered":"F\u00fcr Architekten"},"content":{"rendered":"<div id=\"pl-7373\"  class=\"panel-layout\" ><div id=\"pg-7373-0\"  class=\"panel-grid panel-has-style\"  style=\"margin-bottom: 30px\" ><div class=\"panel-row-style panel-row-style-for-7373-0\" ><div id=\"pgc-7373-0-0\"  class=\"panel-grid-cell panel-grid-cell-empty\" ><\/div><\/div><\/div><div id=\"pg-7373-1\"  class=\"panel-grid panel-no-style\"  style=\"margin-bottom: 30px\" ><div id=\"pgc-7373-1-0\"  class=\"panel-grid-cell\" ><div id=\"panel-7373-1-0-0\" class=\"so-panel widget widget_sow-editor panel-first-child\" data-index=\"0\" style=\"margin: 0px 0px 0px 0px;\" ><div\n\t\t\t\n\t\t\tclass=\"so-widget-sow-editor so-widget-sow-editor-base\"\n\t\t\t\n\t\t>\n<div class=\"siteorigin-widget-tinymce textwidget\">\n\t<h4 style=\"text-align: center;\">Hartika-Terrassen und -Z\u00e4une. Sch\u00f6nheit f\u00fcr die Ewigkeit.<\/h4>\n<\/div>\n<\/div><\/div><div id=\"panel-7373-1-0-1\" class=\"so-panel widget widget_sow-editor panel-last-child\" data-index=\"1\" ><div\n\t\t\t\n\t\t\tclass=\"so-widget-sow-editor so-widget-sow-editor-base\"\n\t\t\t\n\t\t>\n<div class=\"siteorigin-widget-tinymce textwidget\">\n\t<p>Hartika-Verbunddielen sind ein Material, das f\u00fcr die Kreativit\u00e4t von Architekten entwickelt wurde. Es eignet sich ausgezeichnet f\u00fcr Terrassen, Balkone und Z\u00e4une. Die aus unseren Verbundplatten hergestellten Arrangements f\u00fcgen sich perfekt in die Landschaftsarchitektur ein und korrespondieren mit der Vision des Bauprojekts und der Innenausstattung des Geb\u00e4udes. Sie sind ein sch\u00f6nes und langlebiges Element, das sich leicht an jedes architektonische Konzept anpassen l\u00e4sst.<\/p>\n<\/div>\n<\/div><\/div><\/div><\/div><div id=\"pg-7373-2\"  class=\"panel-grid panel-has-style\"  style=\"margin-bottom: 30px\" ><div class=\"icons__container panel-row-style panel-row-style-for-7373-2\" ><div id=\"pgc-7373-2-0\"  class=\"panel-grid-cell panel-grid-cell-empty\" ><div class=\"icon__item panel-cell-style panel-cell-style-for-7373-2-0\" ><\/div><\/div><div id=\"pgc-7373-2-1\"  class=\"panel-grid-cell\" ><div class=\"icon__item panel-cell-style panel-cell-style-for-7373-2-1\" ><div id=\"panel-7373-2-1-0\" class=\"so-panel widget widget_ozimas-image-svg-widget panel-first-child\" data-index=\"2\" style=\"margin: 0px 0px 15px 0px;\" ><div\n\t\t\t\n\t\t\tclass=\"so-widget-ozimas-image-svg-widget so-widget-ozimas-image-svg-widget-style-d75171398898-7373\"\n\t\t\t\n\t\t>\n\n<div class=\"image__container\" style=\"text-align: center\">\n\t<img wpfc-lazyload-disable=\"true\" decoding=\"async\" style=\"\t\twidth: 105px;\t\theight: 99px;\t\" src=\"https:\/\/hartika.com\/wp-content\/uploads\/2018\/08\/architekt-wnetrz-.svg\" class=\"image__svg\" alt=\"Innenausstattung\">\n<\/div><\/div><\/div><div id=\"panel-7373-2-1-1\" class=\"so-panel widget widget_siteorigin-panels-builder panel-last-child\" data-index=\"3\" ><div id=\"pl-w6367c6ba07057\"  class=\"panel-layout\" ><div id=\"pg-w6367c6ba07057-0\"  class=\"panel-grid panel-no-style\" ><div id=\"pgc-w6367c6ba07057-0-0\"  class=\"panel-grid-cell\" ><div id=\"panel-w6367c6ba07057-0-0-0\" class=\"so-panel widget widget_sow-editor panel-first-child\" data-index=\"0\" style=\"margin: 0px 0px 0px 0px;\" ><div style=\"padding: 0px 0px 0px 0px;\" class=\"panel-widget-style panel-widget-style-for-w6367c6ba07057-0-0-0\" ><div\n\t\t\t\n\t\t\tclass=\"so-widget-sow-editor so-widget-sow-editor-base\"\n\t\t\t\n\t\t>\n<div class=\"siteorigin-widget-tinymce textwidget\">\n\t<p style=\"text-align: center;\">INNEN-<br \/>\nARCHITEKT<\/p>\n<\/div>\n<\/div><\/div><\/div><div id=\"panel-w6367c6ba07057-0-0-1\" class=\"so-panel widget widget_ozimas-separator-widget\" data-index=\"1\" style=\"margin: -15px 0px 10px 0px;\" ><div\n\t\t\t\n\t\t\tclass=\"so-widget-ozimas-separator-widget so-widget-ozimas-separator-widget-style-d75171398898\"\n\t\t\t\n\t\t>\n<div class=\"ozimas__separator\" \n\tstyle=\"\t\tbackground-color: #555555; \t\twidth: 46px; \t\theight: 2px; \t\tmargin-top: 0;\t\tmargin-bottom: 0;\t\tmargin-right: auto;\t\tmargin-left: auto;\t\t\"><\/div>\n<\/div><\/div><div id=\"panel-w6367c6ba07057-0-0-2\" class=\"so-panel widget widget_sow-editor panel-last-child\" data-index=\"2\" ><div class=\"panel-widget-style panel-widget-style-for-w6367c6ba07057-0-0-2\" ><div\n\t\t\t\n\t\t\tclass=\"so-widget-sow-editor so-widget-sow-editor-base\"\n\t\t\t\n\t\t>\n<div class=\"siteorigin-widget-tinymce textwidget\">\n\t<p style=\"text-align: center; line-height: 1em;\"><span style=\"font-size: 14px;\">Die Terrasse und der Balkon<br \/>\nk\u00f6nnen Teil des Hauses werden.<\/span><\/p>\n<\/div>\n<\/div><\/div><\/div><\/div><\/div><\/div><\/div><\/div><\/div><div id=\"pgc-7373-2-2\"  class=\"panel-grid-cell\" ><div class=\"icon__item panel-cell-style panel-cell-style-for-7373-2-2\" ><div id=\"panel-7373-2-2-0\" class=\"so-panel widget widget_ozimas-image-svg-widget panel-first-child\" data-index=\"4\" style=\"margin: 0px 0px 15px 0px;\" ><div\n\t\t\t\n\t\t\tclass=\"so-widget-ozimas-image-svg-widget so-widget-ozimas-image-svg-widget-style-d75171398898-7373\"\n\t\t\t\n\t\t>\n\n<div class=\"image__container\" style=\"text-align: center\">\n\t<img wpfc-lazyload-disable=\"true\" decoding=\"async\" style=\"\t\twidth: 86px;\t\theight: 100px;\t\" src=\"https:\/\/hartika.com\/wp-content\/uploads\/2018\/08\/architekt-krajobrazu.svg\" class=\"image__svg\" alt=\"Landschaftsarchitektur\">\n<\/div><\/div><\/div><div id=\"panel-7373-2-2-1\" class=\"so-panel widget widget_siteorigin-panels-builder panel-last-child\" data-index=\"5\" ><div id=\"pl-w6367c5f07ba15\"  class=\"panel-layout\" ><div id=\"pg-w6367c5f07ba15-0\"  class=\"panel-grid panel-no-style\" ><div id=\"pgc-w6367c5f07ba15-0-0\"  class=\"panel-grid-cell\" ><div id=\"panel-w6367c5f07ba15-0-0-0\" class=\"so-panel widget widget_sow-editor panel-first-child\" data-index=\"0\" style=\"margin: 0px 0px 0px 0px;\" ><div style=\"padding: 0px 0px 0px 0px;\" class=\"panel-widget-style panel-widget-style-for-w6367c5f07ba15-0-0-0\" ><div\n\t\t\t\n\t\t\tclass=\"so-widget-sow-editor so-widget-sow-editor-base\"\n\t\t\t\n\t\t>\n<div class=\"siteorigin-widget-tinymce textwidget\">\n\t<p style=\"text-align: center;\">LANDSCHAFTS-<br \/>\nARCHITEKT<\/p>\n<\/div>\n<\/div><\/div><\/div><div id=\"panel-w6367c5f07ba15-0-0-1\" class=\"so-panel widget widget_ozimas-separator-widget\" data-index=\"1\" style=\"margin: -15px 0px 10px 0px;\" ><div\n\t\t\t\n\t\t\tclass=\"so-widget-ozimas-separator-widget so-widget-ozimas-separator-widget-style-d75171398898\"\n\t\t\t\n\t\t>\n<div class=\"ozimas__separator\" \n\tstyle=\"\t\tbackground-color: #555555; \t\twidth: 46px; \t\theight: 2px; \t\tmargin-top: 0;\t\tmargin-bottom: 0;\t\tmargin-right: auto;\t\tmargin-left: auto;\t\t\"><\/div>\n<\/div><\/div><div id=\"panel-w6367c5f07ba15-0-0-2\" class=\"so-panel widget widget_sow-editor panel-last-child\" data-index=\"2\" ><div\n\t\t\t\n\t\t\tclass=\"so-widget-sow-editor so-widget-sow-editor-base\"\n\t\t\t\n\t\t>\n<div class=\"siteorigin-widget-tinymce textwidget\">\n\t<p style=\"text-align: center; line-height: 1em;\">Die Terrasse, der Balkon und der Zaun<br \/>\ngeh\u00f6ren zur Vision des Gartens.<\/p>\n<\/div>\n<\/div><\/div><\/div><\/div><\/div><\/div><\/div><\/div><div id=\"pgc-7373-2-3\"  class=\"panel-grid-cell panel-grid-cell-mobile-last\" ><div class=\"icon__item panel-cell-style panel-cell-style-for-7373-2-3\" ><div id=\"panel-7373-2-3-0\" class=\"so-panel widget widget_ozimas-image-svg-widget panel-first-child\" data-index=\"6\" style=\"margin: 0px 0px 15px 0px;\" ><div\n\t\t\t\n\t\t\tclass=\"so-widget-ozimas-image-svg-widget so-widget-ozimas-image-svg-widget-style-d75171398898-7373\"\n\t\t\t\n\t\t>\n\n<div class=\"image__container\" style=\"text-align: center\">\n\t<img wpfc-lazyload-disable=\"true\" decoding=\"async\" style=\"\t\twidth: 104px;\t\theight: 96px;\t\" src=\"https:\/\/hartika.com\/wp-content\/uploads\/2018\/08\/architekt.svg\" class=\"image__svg\" alt=\"Architekt\">\n<\/div><\/div><\/div><div id=\"panel-7373-2-3-1\" class=\"so-panel widget widget_siteorigin-panels-builder panel-last-child\" data-index=\"7\" ><div id=\"pl-w6367c66d1bc0e\"  class=\"panel-layout\" ><div id=\"pg-w6367c66d1bc0e-0\"  class=\"panel-grid panel-no-style\" ><div id=\"pgc-w6367c66d1bc0e-0-0\"  class=\"panel-grid-cell\" ><div id=\"panel-w6367c66d1bc0e-0-0-0\" class=\"so-panel widget widget_sow-editor panel-first-child\" data-index=\"0\" style=\"margin: 0px 0px 0px 0px;\" ><div style=\"padding: 15px 0px 15px 0px;\" class=\"panel-widget-style panel-widget-style-for-w6367c66d1bc0e-0-0-0\" ><div\n\t\t\t\n\t\t\tclass=\"so-widget-sow-editor so-widget-sow-editor-base\"\n\t\t\t\n\t\t>\n<div class=\"siteorigin-widget-tinymce textwidget\">\n\t<p style=\"text-align: center;\">ARCHITEKT<\/p>\n<\/div>\n<\/div><\/div><\/div><div id=\"panel-w6367c66d1bc0e-0-0-1\" class=\"so-panel widget widget_ozimas-separator-widget\" data-index=\"1\" style=\"margin: -15px 0px 10px 0px;\" ><div\n\t\t\t\n\t\t\tclass=\"so-widget-ozimas-separator-widget so-widget-ozimas-separator-widget-style-d75171398898\"\n\t\t\t\n\t\t>\n<div class=\"ozimas__separator\" \n\tstyle=\"\t\tbackground-color: #555555; \t\twidth: 46px; \t\theight: 2px; \t\tmargin-top: 0;\t\tmargin-bottom: 0;\t\tmargin-right: auto;\t\tmargin-left: auto;\t\t\"><\/div>\n<\/div><\/div><div id=\"panel-w6367c66d1bc0e-0-0-2\" class=\"so-panel widget widget_sow-editor panel-last-child\" data-index=\"2\" ><div\n\t\t\t\n\t\t\tclass=\"so-widget-sow-editor so-widget-sow-editor-base\"\n\t\t\t\n\t\t>\n<div class=\"siteorigin-widget-tinymce textwidget\">\n\t<p style=\"text-align: center; line-height: 1em;\"><span style=\"font-size: 14px;\">Die Terrasse, der Balkon und der Zaun stehen im Einklang<br \/>\nmit der Seele und der Fassade des Geb\u00e4udes.<\/span><\/p>\n<\/div>\n<\/div><\/div><\/div><\/div><\/div><\/div><\/div><\/div><div id=\"pgc-7373-2-4\"  class=\"panel-grid-cell panel-grid-cell-empty\" ><div class=\"icon__item panel-cell-style panel-cell-style-for-7373-2-4\" ><\/div><\/div><\/div><\/div><div id=\"pg-7373-3\"  class=\"panel-grid panel-has-style\"  style=\"margin-bottom: 30px\" ><div style=\"padding: 270px 0px 270px 0px;\" class=\"panel-row-style panel-row-style-for-7373-3\" ><div id=\"pgc-7373-3-0\"  class=\"panel-grid-cell\" ><div id=\"panel-7373-3-0-0\" class=\"so-panel widget widget_sow-image panel-first-child panel-last-child\" data-index=\"8\" ><div\n\t\t\t\n\t\t\tclass=\"so-widget-sow-image so-widget-sow-image-default-113ccd71f3e6-7373\"\n\t\t\t\n\t\t>\n<div class=\"sow-image-container\">\n\t\t<img wpfc-lazyload-disable=\"true\" \n\tsrc=\"https:\/\/hartika.com\/wp-content\/uploads\/2018\/08\/innowacje-z-natury.png\" width=\"848\" height=\"66\" srcset=\"https:\/\/hartika.com\/wp-content\/uploads\/2018\/08\/innowacje-z-natury.png 848w,  https:\/\/hartika.com\/wp-content\/uploads\/2018\/08\/innowacje-z-natury-410x32.png 410w,  https:\/\/hartika.com\/wp-content\/uploads\/2018\/08\/innowacje-z-natury-768x60.png 768w\" sizes=\"(max-width: 848px) 100vw, 848px\" title=\"___innowacje z natury\" alt=\"Innovation aus der Natur\" \t\tclass=\"so-widget-image\"\/>\n\t<\/div>\n\n<\/div><\/div><\/div><\/div><\/div><div id=\"pg-7373-4\"  class=\"panel-grid panel-no-style\"  style=\"margin-bottom: 0px\" ><div id=\"pgc-7373-4-0\"  class=\"panel-grid-cell\" ><div id=\"panel-7373-4-0-0\" class=\"so-panel widget widget_sow-editor panel-first-child panel-last-child\" data-index=\"9\" style=\"margin: 0px 0px 0px 0px;\" ><div\n\t\t\t\n\t\t\tclass=\"so-widget-sow-editor so-widget-sow-editor-base\"\n\t\t\t\n\t\t>\n<div class=\"siteorigin-widget-tinymce textwidget\">\n\t<h4 style=\"text-align: center;\">Hartika-Verbundholz von der Natur inspiriert<\/h4>\n<\/div>\n<\/div><\/div><\/div><\/div><div id=\"pg-7373-5\"  class=\"panel-grid panel-no-style\"  style=\"margin-bottom: 50px\" ><div id=\"pgc-7373-5-0\"  class=\"panel-grid-cell\" ><div id=\"panel-7373-5-0-0\" class=\"so-panel widget widget_sow-editor panel-first-child panel-last-child\" data-index=\"10\" ><div\n\t\t\t\n\t\t\tclass=\"so-widget-sow-editor so-widget-sow-editor-base\"\n\t\t\t\n\t\t>\n<div class=\"siteorigin-widget-tinymce textwidget\">\n\t<p>Frostige Berggipfel, hei\u00dfer W\u00fcstensand, Regenw\u00e4lder - jedes \u00d6kosystem ist Tr\u00e4ger eines Geheimnisses f\u00fcr Langlebigkeit und St\u00e4rke. Um sie zu entdecken, haben wir einige der wildesten und schwierigsten Ecken der Welt besucht.<\/p>\n<p>Wir beobachteten die Kraft der Natur - und die Entschlossenheit der Pioniere, die lernten, H\u00e4user zu bauen, die Temperaturschwankungen, Regen, Frost, Meerwasser und vielen anderen holzsch\u00e4digenden Faktoren standhalten konnten.<\/p>\n<\/div>\n<\/div><\/div><\/div><div id=\"pgc-7373-5-1\"  class=\"panel-grid-cell\" ><div id=\"panel-7373-5-1-0\" class=\"so-panel widget widget_sow-editor panel-first-child panel-last-child\" data-index=\"11\" ><div\n\t\t\t\n\t\t\tclass=\"so-widget-sow-editor so-widget-sow-editor-base\"\n\t\t\t\n\t\t>\n<div class=\"siteorigin-widget-tinymce textwidget\">\n\t<p>Die Erfahrungen, die wir dabei gesammelt haben, haben uns zur Entwicklung von Hartika-Verbundholz inspiriert. Wir haben die Sch\u00f6nheit von echtem Holz mit der zuverl\u00e4ssigen und umweltfreundlichen Biokomposittechnologie verkn\u00fcpft, um Terrassendielen aus Verbundwerkstoffen herzustellen, die um ein Vielfaches haltbarer sind als konventionelles Holz.<\/p>\n<p>Dadurch behalten Hartika-Terrassen und -Z\u00e4une \u00fcber Jahre hinweg ihre Sch\u00f6nheit und Gl\u00e4tte  \u2013 und trotz der Zeit, ver\u00e4ndern sie dauerhaft das Gesicht Ihres Hauses und Ihres Gartens.<\/p>\n<\/div>\n<\/div><\/div><\/div><\/div><div id=\"pg-7373-6\"  class=\"panel-grid panel-has-style\" ><div style=\"padding: 5% 8% 5% 8%;\" class=\"panel-row-style panel-row-style-for-7373-6\" ><div id=\"pgc-7373-6-0\"  class=\"panel-grid-cell\" ><div id=\"panel-7373-6-0-0\" class=\"so-panel widget widget_sow-editor panel-first-child\" data-index=\"12\" style=\"margin: 0px 0px 0px 0px;\" ><div\n\t\t\t\n\t\t\tclass=\"so-widget-sow-editor so-widget-sow-editor-base\"\n\t\t\t\n\t\t>\n<div class=\"siteorigin-widget-tinymce textwidget\">\n\t<h4><span style=\"color: #ffffff;\">Zusammenarbeit aufnehmen<\/span><\/h4>\n<\/div>\n<\/div><\/div><div id=\"panel-7373-6-0-1\" class=\"so-panel widget widget_sow-editor panel-last-child\" data-index=\"13\" ><div\n\t\t\t\n\t\t\tclass=\"so-widget-sow-editor so-widget-sow-editor-base\"\n\t\t\t\n\t\t>\n<div class=\"siteorigin-widget-tinymce textwidget\">\n\t<p style=\"text-align: left; line-height: 1.8em;\"><span style=\"color: #ffffff;\">Sind Sie an einer Zusammenarbeit mit uns interessiert?<\/span><br \/>\n<span style=\"color: #ffffff;\">F\u00fcllen Sie das Formular aus und wir werden Sie kontaktieren.<\/span><\/p>\n<\/div>\n<\/div><\/div><\/div><div id=\"pgc-7373-6-1\"  class=\"panel-grid-cell\" ><div id=\"panel-7373-6-1-0\" class=\"so-panel widget widget_sow-editor panel-first-child panel-last-child\" data-index=\"14\" ><div\n\t\t\t\n\t\t\tclass=\"so-widget-sow-editor so-widget-sow-editor-base\"\n\t\t\t\n\t\t>\n<div class=\"siteorigin-widget-tinymce textwidget\">\n\t\n<div class=\"wpcf7 no-js\" id=\"wpcf7-f8329-o1\" lang=\"\" dir=\"ltr\" data-wpcf7-id=\"8329\">\n<div class=\"screen-reader-response\"><p role=\"status\" aria-live=\"polite\" aria-atomic=\"true\"><\/p> <ul><\/ul><\/div>\n<form action=\"\/de\/wp-json\/wp\/v2\/pages\/7373#wpcf7-f8329-o1\" method=\"post\" class=\"wpcf7-form init\" aria-label=\"Kontaktformular\" novalidate=\"novalidate\" data-status=\"init\">\n<fieldset class=\"hidden-fields-container\"><input type=\"hidden\" name=\"_wpcf7\" value=\"8329\" \/><input type=\"hidden\" name=\"_wpcf7_version\" value=\"6.1.5\" \/><input type=\"hidden\" name=\"_wpcf7_locale\" value=\"\" \/><input type=\"hidden\" name=\"_wpcf7_unit_tag\" value=\"wpcf7-f8329-o1\" \/><input type=\"hidden\" name=\"_wpcf7_container_post\" value=\"0\" \/><input type=\"hidden\" name=\"_wpcf7_posted_data_hash\" value=\"\" \/><input type=\"hidden\" name=\"_wpcf7_recaptcha_response\" value=\"\" \/>\n<\/fieldset>\n<p><span class=\"wpcf7-form-control-wrap\" data-name=\"imie_nazwisko\"><input size=\"40\" maxlength=\"400\" class=\"wpcf7-form-control wpcf7-text wpcf7-validates-as-required form__input\" aria-required=\"true\" aria-invalid=\"false\" placeholder=\"Name und Nachname\" value=\"\" type=\"text\" name=\"imie_nazwisko\" \/><\/span><br \/>\n<span class=\"wpcf7-form-control-wrap\" data-name=\"tel\"><input size=\"40\" maxlength=\"400\" class=\"wpcf7-form-control wpcf7-tel wpcf7-validates-as-required wpcf7-text wpcf7-validates-as-tel form__input\" aria-required=\"true\" aria-invalid=\"false\" placeholder=\"Telefonnummer\" value=\"\" type=\"tel\" name=\"tel\" \/><\/span><br \/>\n<span class=\"wpcf7-form-control-wrap\" data-name=\"email\"><input size=\"40\" maxlength=\"400\" class=\"wpcf7-form-control wpcf7-email wpcf7-validates-as-required wpcf7-text wpcf7-validates-as-email form__input\" aria-required=\"true\" aria-invalid=\"false\" placeholder=\"E-Mail-Addresse\" value=\"\" type=\"email\" name=\"email\" \/><\/span><br \/>\n<span class=\"wpcf7-form-control-wrap\" data-name=\"wojewodztwo\"><input size=\"40\" maxlength=\"400\" class=\"wpcf7-form-control wpcf7-text form__input\" aria-invalid=\"false\" placeholder=\"Woiwodschaft\" value=\"\" type=\"text\" name=\"wojewodztwo\" \/><\/span>\n<\/p>\n<p class=\"form__text\">Nachricht\n<\/p>\n<p><span class=\"wpcf7-form-control-wrap\" data-name=\"wiadomosc\"><textarea cols=\"40\" rows=\"10\" maxlength=\"2000\" class=\"wpcf7-form-control wpcf7-textarea form__input\" aria-invalid=\"false\" name=\"wiadomosc\">Ich bin an der Zusammenarbeit mit Hartika interessiert.<\/textarea><\/span>\n<\/p>\n<div class=\"checkbox__container\">\n\t<p class=\"checkbox__item\"><span class=\"wpcf7-form-control-wrap\" data-name=\"checkbox\"><span class=\"wpcf7-form-control wpcf7-checkbox wpcf7-validates-as-required form__checkbox\"><span class=\"wpcf7-list-item first last\"><input type=\"checkbox\" name=\"checkbox[]\" value=\"&nbsp;\" \/><span class=\"wpcf7-list-item-label\">&nbsp;<\/span><\/span><\/span><\/span>\n\t<\/p>\n\t<p class=\"checkbox__item checkbox__item-text\">Ich best\u00e4tige, dass ich den Inhalt der mir vorgelegten<a target=\"_blank\" href=\"\/wp-content\/uploads\/2018\/06\/20180919-informacja-RODO-na-stron\u0119-www-pytanie.pdf\"> Informationsklausel<\/a> die auf der Website der HARTIKA S. z o.o. mit Sitz in Szczuczyn verf\u00fcgbar ist, gelesen und verstanden habe.\n\t<\/p>\n<\/div>\n<div class=\"checkbox__container\">\n\t<p class=\"checkbox__item\"><span class=\"wpcf7-form-control-wrap\" data-name=\"checkbox2\"><span class=\"wpcf7-form-control wpcf7-checkbox wpcf7-validates-as-required form__checkbox\"><span class=\"wpcf7-list-item first last\"><input type=\"checkbox\" name=\"checkbox2[]\" value=\"&nbsp;\" \/><span class=\"wpcf7-list-item-label\">&nbsp;<\/span><\/span><\/span><\/span>\n\t<\/p>\n\t<p class=\"checkbox__item checkbox__item-text\">Ich stimme der Verarbeitung meiner personenbezogenen Daten durch den Verwalter - HARTIKA S. z o.o. mit Sitz in Szczuczyn - zu, um mit mir Kontakt aufzunehmen und mir ein Angebot zu unterbreiten.\n\t<\/p>\n<\/div>\n<div class=\"checkbox__container\">\n\t<p class=\"checkbox__item\"><span class=\"wpcf7-form-control-wrap\" data-name=\"checkbox3\"><span class=\"wpcf7-form-control wpcf7-checkbox wpcf7-validates-as-required form__checkbox\"><span class=\"wpcf7-list-item first last\"><input type=\"checkbox\" name=\"checkbox3[]\" value=\"&nbsp;\" \/><span class=\"wpcf7-list-item-label\">&nbsp;<\/span><\/span><\/span><\/span>\n\t<\/p>\n\t<p class=\"checkbox__item checkbox__item-text\">Die oben genannte Zustimmung wird in \u00dcbereinstimmung mit Artikel 4 Punkt 11 der DSGVO freiwillig erteilt. Ich erkl\u00e4re, dass ich die Informationsklausel gelesen und ihren Inhalt verstanden habe. Bevor ich meine Zustimmung gegeben habe, wurde ich \u00fcber meine Rechte informiert: \u00fcber den Inhalt meiner Daten und das Recht auf Berichtigung, L\u00f6schung, Einschr\u00e4nkung der Verarbeitung, das Recht auf Daten\u00fcbertragbarkeit, das Widerspruchsrecht, das Recht, meine Zustimmung zur Verarbeitung jederzeit zu widerrufen, ohne dass die Rechtm\u00e4\u00dfigkeit der Verarbeitung ber\u00fchrt wird, das Recht, mich bei einer Aufsichtsbeh\u00f6rde zu beschweren, sowie \u00fcber die Daten des f\u00fcr die Verarbeitung Verantwortlichen, die Dauer der Datenspeicherung und die Datenempf\u00e4nger.\n\t<\/p>\n<\/div>\n\n<p class=\"form__submit-cont\"><input class=\"wpcf7-form-control wpcf7-submit has-spinner form__submit\" type=\"submit\" value=\"Schicken\" \/>\n<\/p><input type='hidden' class='wpcf7-pum' value='{\"closepopup\":false,\"closedelay\":0,\"openpopup\":false,\"openpopup_id\":0}' \/><div class=\"wpcf7-response-output\" aria-hidden=\"true\"><\/div>\n<\/form>\n<\/div>\n\n<\/div>\n<\/div><\/div><\/div><\/div><\/div><\/div>","protected":false},"excerpt":{"rendered":"<p>Hartika-Terrassen und -Z\u00e4une. Sch\u00f6nheit f\u00fcr die Ewigkeit. Hartika-Verbunddielen sind ein Material, das f\u00fcr die Kreativit\u00e4t von Architekten entwickelt wurde. Es eignet sich ausgezeichnet f\u00fcr Terrassen, Balkone und Z\u00e4une. Die aus unseren Verbundplatten hergestellten Arrangements f\u00fcgen sich perfekt in die Landschaftsarchitektur ein und korrespondieren mit der Vision des Bauprojekts und der Innenausstattung des Geb\u00e4udes. Sie sind [&hellip;]<\/p>","protected":false},"author":6,"featured_media":8710,"parent":0,"menu_order":0,"comment_status":"closed","ping_status":"closed","template":"","meta":{"_acf_changed":false,"footnotes":""},"class_list":["post-7373","page","type-page","status-publish","has-post-thumbnail","hentry","post"],"acf":[],"yoast_head":"<!-- This site is optimized with the Yoast SEO Premium plugin v20.6 (Yoast SEO v27.5) - https:\/\/yoast.com\/product\/yoast-seo-premium-wordpress\/ -->\n<title>Hartika-Terrassen. Hersteller von Terrassendielen und Z\u00e4unen aus PVC-Verbundmaterial.<\/title>\n<meta name=\"description\" content=\"Komposit-Terrassendielen und -Z\u00e4une, PVC-Komposit-Terrassendielen, Terrassendielen, Komposit-Z\u00e4une, Hersteller von Komposit-Terrassendielen, Terrassendielen, WPC\" \/>\n<meta name=\"robots\" content=\"index, follow, max-snippet:-1, max-image-preview:large, max-video-preview:-1\" \/>\n<link rel=\"canonical\" href=\"https:\/\/hartika.com\/de\/fuer-architekten-2\/\" \/>\n<meta property=\"og:locale\" content=\"de_DE\" \/>\n<meta property=\"og:type\" content=\"article\" \/>\n<meta property=\"og:title\" content=\"F\u00fcr Architekten\" \/>\n<meta property=\"og:description\" content=\"Hartika-Terrassen und -Z\u00e4une. Sch\u00f6nheit f\u00fcr die Ewigkeit. Hartika-Verbunddielen sind ein Material, das f\u00fcr die Kreativit\u00e4t von Architekten entwickelt\" \/>\n<meta property=\"og:url\" content=\"https:\/\/hartika.com\/de\/fuer-architekten-2\/\" \/>\n<meta property=\"og:site_name\" content=\"Hartika. Pi\u0119kno na lata.\" \/>\n<meta property=\"article:publisher\" content=\"https:\/\/www.facebook.com\/people\/Tarasy-Hartika\/100057582753952\/\" \/>\n<meta property=\"article:modified_time\" content=\"2022-12-12T22:12:18+00:00\" \/>\n<meta property=\"og:image\" content=\"https:\/\/hartika.com\/wp-content\/uploads\/2023\/02\/Hartika-socialmedia-pl.jpg\" \/>\n\t<meta property=\"og:image:width\" content=\"1080\" \/>\n\t<meta property=\"og:image:height\" content=\"675\" \/>\n\t<meta property=\"og:image:type\" content=\"image\/jpeg\" \/>\n<meta name=\"twitter:card\" content=\"summary_large_image\" \/>\n<meta name=\"twitter:label1\" content=\"Gesch\u00e4tzte Lesezeit\" \/>\n\t<meta name=\"twitter:data1\" content=\"2\u00a0Minuten\" \/>\n<script type=\"application\/ld+json\" class=\"yoast-schema-graph\">{\"@context\":\"https:\\\/\\\/schema.org\",\"@graph\":[{\"@type\":\"WebPage\",\"@id\":\"https:\\\/\\\/hartika.com\\\/de\\\/fuer-architekten-2\\\/\",\"url\":\"https:\\\/\\\/hartika.com\\\/de\\\/fuer-architekten-2\\\/\",\"name\":\"Hartika-Terrassen. Hersteller von Terrassendielen und Z\u00e4unen aus PVC-Verbundmaterial.\",\"isPartOf\":{\"@id\":\"https:\\\/\\\/hartika.com\\\/de\\\/#website\"},\"primaryImageOfPage\":{\"@id\":\"https:\\\/\\\/hartika.com\\\/de\\\/fuer-architekten-2\\\/#primaryimage\"},\"image\":{\"@id\":\"https:\\\/\\\/hartika.com\\\/de\\\/fuer-architekten-2\\\/#primaryimage\"},\"thumbnailUrl\":\"https:\\\/\\\/hartika.com\\\/wp-content\\\/uploads\\\/2023\\\/02\\\/Hartika-socialmedia-pl.jpg\",\"datePublished\":\"2020-12-14T15:46:08+00:00\",\"dateModified\":\"2022-12-12T22:12:18+00:00\",\"description\":\"Komposit-Terrassendielen und -Z\u00e4une, PVC-Komposit-Terrassendielen, Terrassendielen, Komposit-Z\u00e4une, Hersteller von Komposit-Terrassendielen, Terrassendielen, WPC\",\"breadcrumb\":{\"@id\":\"https:\\\/\\\/hartika.com\\\/de\\\/fuer-architekten-2\\\/#breadcrumb\"},\"inLanguage\":\"de\",\"potentialAction\":[{\"@type\":\"ReadAction\",\"target\":[\"https:\\\/\\\/hartika.com\\\/de\\\/fuer-architekten-2\\\/\"]}]},{\"@type\":\"ImageObject\",\"inLanguage\":\"de\",\"@id\":\"https:\\\/\\\/hartika.com\\\/de\\\/fuer-architekten-2\\\/#primaryimage\",\"url\":\"https:\\\/\\\/hartika.com\\\/wp-content\\\/uploads\\\/2023\\\/02\\\/Hartika-socialmedia-pl.jpg\",\"contentUrl\":\"https:\\\/\\\/hartika.com\\\/wp-content\\\/uploads\\\/2023\\\/02\\\/Hartika-socialmedia-pl.jpg\",\"width\":1080,\"height\":675,\"caption\":\"Czyszczenie i piel\u0119gnacja tarasu\"},{\"@type\":\"BreadcrumbList\",\"@id\":\"https:\\\/\\\/hartika.com\\\/de\\\/fuer-architekten-2\\\/#breadcrumb\",\"itemListElement\":[{\"@type\":\"ListItem\",\"position\":1,\"name\":\"Strona g\u0142\u00f3wna\",\"item\":\"https:\\\/\\\/hartika.com\\\/de\\\/verbundwerkstoff-dielen-hersteller-hartika\\\/\"},{\"@type\":\"ListItem\",\"position\":2,\"name\":\"F\u00fcr Architekten\"}]},{\"@type\":\"WebSite\",\"@id\":\"https:\\\/\\\/hartika.com\\\/de\\\/#website\",\"url\":\"https:\\\/\\\/hartika.com\\\/de\\\/\",\"name\":\"Tarasy i ogrodzenia kompozytowe Hartika. Pi\u0119kno na lata.\",\"description\":\"Producent taras\u00f3w i ogrodze\u0144 kompozytowych.\",\"publisher\":{\"@id\":\"https:\\\/\\\/hartika.com\\\/de\\\/#organization\"},\"alternateName\":\"Tarasy i ogrodzenia kompozytowe Hartika.\",\"potentialAction\":[{\"@type\":\"SearchAction\",\"target\":{\"@type\":\"EntryPoint\",\"urlTemplate\":\"https:\\\/\\\/hartika.com\\\/de\\\/?s={search_term_string}\"},\"query-input\":{\"@type\":\"PropertyValueSpecification\",\"valueRequired\":true,\"valueName\":\"search_term_string\"}}],\"inLanguage\":\"de\"},{\"@type\":[\"Organization\",\"Place\",\"Corporation\"],\"@id\":\"https:\\\/\\\/hartika.com\\\/de\\\/#organization\",\"name\":\"Hartika Sp. z o.o.\",\"alternateName\":\"Hartika WPC\",\"url\":\"https:\\\/\\\/hartika.com\\\/de\\\/\",\"logo\":{\"@id\":\"https:\\\/\\\/hartika.com\\\/de\\\/fuer-architekten-2\\\/#local-main-organization-logo\"},\"image\":{\"@id\":\"https:\\\/\\\/hartika.com\\\/de\\\/fuer-architekten-2\\\/#local-main-organization-logo\"},\"sameAs\":[\"https:\\\/\\\/www.facebook.com\\\/people\\\/Tarasy-Hartika\\\/100057582753952\\\/\",\"https:\\\/\\\/ke.linkedin.com\\\/company\\\/hartika\"],\"address\":{\"@id\":\"https:\\\/\\\/hartika.com\\\/de\\\/fuer-architekten-2\\\/#local-main-place-address\"},\"geo\":{\"@type\":\"GeoCoordinates\",\"latitude\":\"53.55530067584501\",\"longitude\":\"22.309762340482035\"},\"telephone\":[\"+48864442020\"],\"openingHoursSpecification\":[{\"@type\":\"OpeningHoursSpecification\",\"dayOfWeek\":[\"Monday\",\"Tuesday\",\"Wednesday\",\"Thursday\",\"Friday\"],\"opens\":\"08:00\",\"closes\":\"16:00\"},{\"@type\":\"OpeningHoursSpecification\",\"dayOfWeek\":[\"Saturday\",\"Sunday\"],\"opens\":\"00:00\",\"closes\":\"00:00\"}],\"email\":\"hartika@hartika.com\",\"areaServed\":\"Europa\",\"vatID\":\"PL5423070660\",\"taxID\":\"5423070660\"},{\"@type\":\"PostalAddress\",\"@id\":\"https:\\\/\\\/hartika.com\\\/de\\\/fuer-architekten-2\\\/#local-main-place-address\",\"streetAddress\":\"ul. Przemys\u0142owa 9\",\"addressLocality\":\"Szczuczyn\",\"postalCode\":\"19-230\",\"addressRegion\":\"Podlaskie\",\"addressCountry\":\"PL\"},{\"@type\":\"ImageObject\",\"inLanguage\":\"de\",\"@id\":\"https:\\\/\\\/hartika.com\\\/de\\\/fuer-architekten-2\\\/#local-main-organization-logo\",\"url\":\"https:\\\/\\\/hartika.com\\\/wp-content\\\/uploads\\\/2019\\\/10\\\/LOGO.svg\",\"contentUrl\":\"https:\\\/\\\/hartika.com\\\/wp-content\\\/uploads\\\/2019\\\/10\\\/LOGO.svg\",\"caption\":\"Hartika Sp. z o.o.\"}]}<\/script>\n<meta name=\"geo.placename\" content=\"Szczuczyn\" \/>\n<meta name=\"geo.position\" content=\"53.55530067584501;22.309762340482035\" \/>\n<meta name=\"geo.region\" content=\"Polen\" \/>\n<!-- \/ Yoast SEO Premium plugin. -->","yoast_head_json":{"title":"Hartika-Terrassen. Hersteller von Terrassendielen und Z\u00e4unen aus PVC-Verbundmaterial.","description":"Komposit-Terrassendielen und -Z\u00e4une, PVC-Komposit-Terrassendielen, Terrassendielen, Komposit-Z\u00e4une, Hersteller von Komposit-Terrassendielen, Terrassendielen, WPC","robots":{"index":"index","follow":"follow","max-snippet":"max-snippet:-1","max-image-preview":"max-image-preview:large","max-video-preview":"max-video-preview:-1"},"canonical":"https:\/\/hartika.com\/de\/fuer-architekten-2\/","og_locale":"de_DE","og_type":"article","og_title":"F\u00fcr Architekten","og_description":"Hartika-Terrassen und -Z\u00e4une. Sch\u00f6nheit f\u00fcr die Ewigkeit. Hartika-Verbunddielen sind ein Material, das f\u00fcr die Kreativit\u00e4t von Architekten entwickelt","og_url":"https:\/\/hartika.com\/de\/fuer-architekten-2\/","og_site_name":"Hartika. Pi\u0119kno na lata.","article_publisher":"https:\/\/www.facebook.com\/people\/Tarasy-Hartika\/100057582753952\/","article_modified_time":"2022-12-12T22:12:18+00:00","og_image":[{"width":1080,"height":675,"url":"https:\/\/hartika.com\/wp-content\/uploads\/2023\/02\/Hartika-socialmedia-pl.jpg","type":"image\/jpeg"}],"twitter_card":"summary_large_image","twitter_misc":{"Gesch\u00e4tzte Lesezeit":"2\u00a0Minuten"},"schema":{"@context":"https:\/\/schema.org","@graph":[{"@type":"WebPage","@id":"https:\/\/hartika.com\/de\/fuer-architekten-2\/","url":"https:\/\/hartika.com\/de\/fuer-architekten-2\/","name":"Hartika-Terrassen. Hersteller von Terrassendielen und Z\u00e4unen aus PVC-Verbundmaterial.","isPartOf":{"@id":"https:\/\/hartika.com\/de\/#website"},"primaryImageOfPage":{"@id":"https:\/\/hartika.com\/de\/fuer-architekten-2\/#primaryimage"},"image":{"@id":"https:\/\/hartika.com\/de\/fuer-architekten-2\/#primaryimage"},"thumbnailUrl":"https:\/\/hartika.com\/wp-content\/uploads\/2023\/02\/Hartika-socialmedia-pl.jpg","datePublished":"2020-12-14T15:46:08+00:00","dateModified":"2022-12-12T22:12:18+00:00","description":"Komposit-Terrassendielen und -Z\u00e4une, PVC-Komposit-Terrassendielen, Terrassendielen, Komposit-Z\u00e4une, Hersteller von Komposit-Terrassendielen, Terrassendielen, WPC","breadcrumb":{"@id":"https:\/\/hartika.com\/de\/fuer-architekten-2\/#breadcrumb"},"inLanguage":"de","potentialAction":[{"@type":"ReadAction","target":["https:\/\/hartika.com\/de\/fuer-architekten-2\/"]}]},{"@type":"ImageObject","inLanguage":"de","@id":"https:\/\/hartika.com\/de\/fuer-architekten-2\/#primaryimage","url":"https:\/\/hartika.com\/wp-content\/uploads\/2023\/02\/Hartika-socialmedia-pl.jpg","contentUrl":"https:\/\/hartika.com\/wp-content\/uploads\/2023\/02\/Hartika-socialmedia-pl.jpg","width":1080,"height":675,"caption":"Czyszczenie i piel\u0119gnacja tarasu"},{"@type":"BreadcrumbList","@id":"https:\/\/hartika.com\/de\/fuer-architekten-2\/#breadcrumb","itemListElement":[{"@type":"ListItem","position":1,"name":"Strona g\u0142\u00f3wna","item":"https:\/\/hartika.com\/de\/verbundwerkstoff-dielen-hersteller-hartika\/"},{"@type":"ListItem","position":2,"name":"F\u00fcr Architekten"}]},{"@type":"WebSite","@id":"https:\/\/hartika.com\/de\/#website","url":"https:\/\/hartika.com\/de\/","name":"Tarasy i ogrodzenia kompozytowe Hartika. Pi\u0119kno na lata.","description":"Producent taras\u00f3w i ogrodze\u0144 kompozytowych.","publisher":{"@id":"https:\/\/hartika.com\/de\/#organization"},"alternateName":"Tarasy i ogrodzenia kompozytowe Hartika.","potentialAction":[{"@type":"SearchAction","target":{"@type":"EntryPoint","urlTemplate":"https:\/\/hartika.com\/de\/?s={search_term_string}"},"query-input":{"@type":"PropertyValueSpecification","valueRequired":true,"valueName":"search_term_string"}}],"inLanguage":"de"},{"@type":["Organization","Place","Corporation"],"@id":"https:\/\/hartika.com\/de\/#organization","name":"Hartika Sp. z o.o.","alternateName":"Hartika WPC","url":"https:\/\/hartika.com\/de\/","logo":{"@id":"https:\/\/hartika.com\/de\/fuer-architekten-2\/#local-main-organization-logo"},"image":{"@id":"https:\/\/hartika.com\/de\/fuer-architekten-2\/#local-main-organization-logo"},"sameAs":["https:\/\/www.facebook.com\/people\/Tarasy-Hartika\/100057582753952\/","https:\/\/ke.linkedin.com\/company\/hartika"],"address":{"@id":"https:\/\/hartika.com\/de\/fuer-architekten-2\/#local-main-place-address"},"geo":{"@type":"GeoCoordinates","latitude":"53.55530067584501","longitude":"22.309762340482035"},"telephone":["+48864442020","+48864442020"],"openingHoursSpecification":[{"@type":"OpeningHoursSpecification","dayOfWeek":["Monday","Tuesday","Wednesday","Thursday","Friday"],"opens":"08:00","closes":"16:00"},{"@type":"OpeningHoursSpecification","dayOfWeek":["Saturday","Sunday"],"opens":"00:00","closes":"00:00"}],"email":"hartika@hartika.com","areaServed":"Europa","vatID":"PL5423070660","taxID":"5423070660"},{"@type":"PostalAddress","@id":"https:\/\/hartika.com\/de\/fuer-architekten-2\/#local-main-place-address","streetAddress":"ul. Przemys\u0142owa 9","addressLocality":"Szczuczyn","postalCode":"19-230","addressRegion":"Podlaskie","addressCountry":"PL"},{"@type":"ImageObject","inLanguage":"de","@id":"https:\/\/hartika.com\/de\/fuer-architekten-2\/#local-main-organization-logo","url":"https:\/\/hartika.com\/wp-content\/uploads\/2019\/10\/LOGO.svg","contentUrl":"https:\/\/hartika.com\/wp-content\/uploads\/2019\/10\/LOGO.svg","caption":"Hartika Sp. z o.o."}]},"geo.placename":"Szczuczyn","geo.position":{"lat":"53.55530067584501","long":"22.309762340482035"},"geo.region":"Polen"},"_links":{"self":[{"href":"https:\/\/hartika.com\/de\/wp-json\/wp\/v2\/pages\/7373","targetHints":{"allow":["GET"]}}],"collection":[{"href":"https:\/\/hartika.com\/de\/wp-json\/wp\/v2\/pages"}],"about":[{"href":"https:\/\/hartika.com\/de\/wp-json\/wp\/v2\/types\/page"}],"author":[{"embeddable":true,"href":"https:\/\/hartika.com\/de\/wp-json\/wp\/v2\/users\/6"}],"replies":[{"embeddable":true,"href":"https:\/\/hartika.com\/de\/wp-json\/wp\/v2\/comments?post=7373"}],"version-history":[{"count":0,"href":"https:\/\/hartika.com\/de\/wp-json\/wp\/v2\/pages\/7373\/revisions"}],"wp:featuredmedia":[{"embeddable":true,"href":"https:\/\/hartika.com\/de\/wp-json\/wp\/v2\/media\/8710"}],"wp:attachment":[{"href":"https:\/\/hartika.com\/de\/wp-json\/wp\/v2\/media?parent=7373"}],"curies":[{"name":"wp","href":"https:\/\/api.w.org\/{rel}","templated":true}]}}